{"id":28995,"date":"2023-07-13T11:48:48","date_gmt":"2023-07-13T11:48:48","guid":{"rendered":"https:\/\/www.albergue-paradiso.com\/es\/?page_id=28995"},"modified":"2023-07-13T12:31:27","modified_gmt":"2023-07-13T12:31:27","slug":"santillana-del-mar","status":"publish","type":"page","link":"https:\/\/www.albergue-paradiso.com\/es\/santillana-del-mar\/","title":{"rendered":"Santillana del Mar"},"content":{"rendered":"<h1 class=\"text-center text-primary\">Santillana del Mar<\/h1>\n<hr class=\"border border-primary w-25\">\n<h3 class=\"text-center\">A 5 min. del Albergue Paradiso<\/h3>\n<div class=\"text-center\">\n<img decoding=\"async\" src=\"https:\/\/www.albergue-paradiso.com\/es\/wp-content\/uploads\/2023\/07\/Santillana.jpg\" class=\"img-fluid\" alt=\"vista de Santillana del mar\">\n<\/div>\n<div class=\"container pt-3\">\nEl municipio de Santillana del Mar se halla en la costa central de Cantabria. <strong>El paisaje se caracteriza por alternar la franja litoral, con extensas zonas de prader\u00edas y algunas colinas de no mucha elevaci\u00f3n.<\/strong><\/p>\n<p>La l\u00ednea litoral est\u00e1 delimitada por altos acantilados, entre los que se alternan algunas peque\u00f1as calas, siendo <strong>la playa de Santa Justa el \u00fanico arenal de este municipio<\/strong>. Este escarpado relieve, en el que contrastan el profundo e intenso azul del mar Cant\u00e1brico con los verdes prados que le rodean, configuran un paisaje abierto con una orograf\u00eda suave, y en cuyo horizonte se alternan el azul y el verde, salpicados de peque\u00f1os n\u00facleos rurales y caser\u00edos dispersos.<\/p>\n<p>En la zona interior del municipio de Santillana del Mar, abundan las grandes extensiones de prader\u00edas, herencia de la rica tradici\u00f3n ganadera de este municipio, y que a\u00fan hoy, siguen dando un fresco y jugoso pasto a las concentraciones ganaderas bovinas que abundan, especialmente en las pedan\u00edas del municipio como <strong>Ubiarco, Viveda y Queveda<\/strong>. Esta villa medieval de empedradas calles est\u00e1 calificada como Conjunto Hist\u00f3rico Art\u00edstico y es, desde hace d\u00e9cadas, uno de los centros culturales y tur\u00edsticos m\u00e1s conocidos de Cantabria. Adem\u00e1s es la capital del municipio de Santillana y cuenta con 1.139 habitantes.<\/p>\n<\/div>\n<div class=\"container pt-3\">\n<ul class=\"nav nav-pills mb-3\" id=\"pills-peregrinos\" role=\"tablist\">\n<li class=\"nav-item\" role=\"presentation\">\n    <a class=\"nav-link active\" id=\"pills-visitar-tab\" data-toggle=\"pill\" data-target=\"#pills-visitar\" type=\"button\" role=\"tab\" aria-controls=\"pills-visitar\" aria-selected=\"true\">\u00bfQU\u00c9 VISITAR EN SANTILLANA DEL MAR?<\/a>\n  <\/li>\n<li class=\"nav-item\" role=\"presentation\">\n    <a class=\"nav-link\" id=\"pills-historia-tab\" data-toggle=\"pill\" data-target=\"#pills-historia\" type=\"button\" role=\"tab\" aria-controls=\"pills-historia\" aria-selected=\"false\">HISTORIA<\/a>\n  <\/li>\n<li class=\"nav-item\" role=\"presentation\">\n    <a class=\"nav-link\" id=\"pills-gastronomia-tab\" data-toggle=\"pill\" data-target=\"#pills-gastronomia\" type=\"button\" role=\"tab\" aria-controls=\"pills-gastronomia\" aria-selected=\"false\">GASTRONOM\u00cdA<\/a>\n  <\/li>\n<li class=\"nav-item\" role=\"presentation\">\n    <a class=\"nav-link\" id=\"pills-fiestas-tab\" data-toggle=\"pill\" data-target=\"#pills-fiestas\" type=\"button\" role=\"tab\" aria-controls=\"pills-fiestas\" aria-selected=\"false\">FIESTAS<\/a>\n  <\/li>\n<\/ul>\n<div class=\"tab-content\" id=\"pills-tabContent\">\n<div class=\"tab-pane fade show active\" id=\"pills-visitar\" role=\"tabpanel\" aria-labelledby=\"pills-visitar-tab\">\n<p>    <div id=\"bs4-accordion-0\" class=\"accordion\" role=\"tablist\">\n    <div class=\"card\">\n        <div class=\"card-header\" id=\"bs4-heading-0\" role=\"tab\"><button class=\"btn btn-block text-left\" type=\"button\" data-toggle=\"collapse\" data-target=\"#bs4-collapse-0\" aria-controls=\"bs4-collapse-0\" aria-expanded=\"true\"><i class=\"fa fa-plus float-right\"><\/i>\n<h3 class=\"\">COLEGIATA DE SANTA JULIANA<\/h3>\n<\/button><\/div>\n        <div id=\"bs4-collapse-0\" class=\"collapse show\" data-parent=\"#bs4-accordion-0\" aria-labelledby=\"bs4-heading-0\"><div class=\"card-body\">       \n<h5 class=\"h6\">La colegiata de Santillana del Mar se construye en el siglo XII, de estilo rom\u00e1nico haci\u00e9ndose cargo la orden de los can\u00f3nigos de San Agust\u00edn. La primitiva edificaci\u00f3n ser\u00eda una peque\u00f1a ermita, cuyo estilo seria pr\u00f3ximo a la tradici\u00f3n visigoda o asturiana.<\/h5>\n<h5 class=\"h6\">El templo cuenta con una cabecera con tres \u00e1bsides semicirculares, el central es m\u00e1s alto y grande, cubiertos con b\u00f3vedas de ca\u00f1\u00f3n y de horno; un crucero que se destaca en alzado, con un cimborrio central; y tres naves, de las cuales la central es m\u00e1s ancha y alta que las laterales.<\/h5>\n<h5 class=\"h6\">Entramos en el recinto a trav\u00e9s de una portada en arco de medio punto, con arquivoltas, abierta en el muro meridional, entre un amplio atrio (en su d\u00eda cementerio) protegido por respectivos leones.<\/h5>\n<h5 class=\"h6\">En el frontis de la portada se expone un friso de peque\u00f1as esculturas de santos, centrados entorno al Pantocr\u00e1tor con mandorla sostenidaor \u00e1ngeles. A la derecha de la portada observamos una torre o campanil de forma cil\u00edndrica, a su lado la nueva sacristia, y a los pies de la iglesia la torre de campanas.<\/h5>\n<h5 class=\"h6\">El retablo mayor, de estilo g\u00f3tico, en sus tablas pict\u00f3ricas se observan escenas evang\u00e9licas y de la vida santa.<\/h5>\n<h5 class=\"h6\">El claustro tiene forma cuadrada y se comunica con la nave del evangelio a trav\u00e9s de una portada rom\u00e1nica. Su importancia radica en la iconograf\u00eda de sis capiteles, que constituyen una s\u00edntesis de los principales motivos decorativos, figurados, geom\u00e9tricos y vegetales del Rom\u00e1nico a lo largo de su evoluci\u00f3n hist\u00f3rica.<\/h5>\n<h5 class=\"h6\">La parte meridional, esta adosada al templo, es la m\u00e1s antigua y muestra diversos temas b\u00edblicos como el Pantocr\u00e1tor y Tetramorfos, ap\u00f3stoles, Daniel en el foso de los leones, el sue\u00f1o de Nabucodonosor, Sans\u00f3n desquitando al le\u00f3n, la degollaci\u00f3n de San Juan, el milagro de los panes, y los peces y el Descendimiento, junto con otros temas profanos como la despedida del caballero o los relativos a la lucha entre el Bien y el Mal, representados por el guerrero cristiano que mata al drag\u00f3n o el pastor ahuyentando a los lobos.<\/h5>\n<h5 class=\"h6\">Entre los servicios que ofrece el Centro de Visitantes del Parque Nacional de Picos de Europa Sotama destaca la informaci\u00f3n sobre el Parque Nacional y su entorno, interpretaci\u00f3n autoguiada, rutas interpretativas, programas de educaci\u00f3n ambiental para centros escolares y visitas guiadas para grupos al propio centro.<\/h5>\n<p class=\"card-text text-center\"><img decoding=\"async\" src=\"https:\/\/www.albergue-paradiso.com\/es\/wp-content\/uploads\/2023\/07\/Albergue_Paradiso_colegiata_santillana.jpg\" class=\"img-fluid\" alt=\"colegiata Santillana del mar\"><\/p>\n<p class=\"card-text\">      <\/p><\/div><\/div>\n    <\/div>\n    <div class=\"card\">\n        <div class=\"card-header\" id=\"bs4-heading-1\" role=\"tab\"><button class=\"btn btn-block text-left\" type=\"button\" data-toggle=\"collapse\" data-target=\"#bs4-collapse-1\" aria-controls=\"bs4-collapse-1\" aria-expanded=\"false\"><i class=\"fa fa-plus float-right\"><\/i>\n<h3 class=\"\">TORRE DE MERINO<\/h3>\n<\/button><\/div>\n        <div id=\"bs4-collapse-1\" class=\"collapse\" data-parent=\"#bs4-accordion-0\" aria-labelledby=\"bs4-heading-1\"><div class=\"card-body\">\n<h5 class=\"h6\">La encontramos en la plaza del mercado hoy llamada Ram\u00f3n Pelayo, se supone que pudo ser construida en el siglo XIV. Su nombre se debe a que era la vivienda del representante del rey.<\/h5>\n<h5 class=\"h6\">Esta casa mantiene en su mayor\u00eda su aspecto original, aunque con algunas transformaciones como almenas convertidas en ventanas bajo la cubierta o la ventana adintelada de la planta baja.<\/h5>\n<h5 class=\"h6\">Su interior cuenta con una estructura de madera bella de contemplar.<\/h5>\n<\/div><\/div>\n<\/div>\n<div class=\"card\">\n<div class=\"card-header\" id=\"bs4-heading-2\" role=\"tab\"><button class=\"btn btn-block text-left\" type=\"button\" data-toggle=\"collapse\" data-target=\"#bs4-collapse-2\" aria-controls=\"bs4-collapse-2\" aria-expanded=\"false\"><i class=\"fa fa-plus float-right\"><\/i>\n<h3 class=\"\">TORRE DE DON BORJA<\/h3>\n<\/button><\/div>\n<div id=\"bs4-collapse-2\" class=\"collapse\" data-parent=\"#bs4-accordion-0\" aria-labelledby=\"bs4-heading-2\"><div class=\"card-body\">      \n<h5 class=\"h6\">La Torre Don Borja de Santillana del Mar data del siglo XV y ampliada en el XVI, su nombre se debe a Don Borja Barreda, titular del mayorazgo de esta familia en el siglo XIX.<\/h5>\n<h5 class=\"h6\">Encontramos dos estructuras unidas por un patio interior. Fue restaurada en 1981 para ser sede de la Fundaci\u00f3n Santillana, hoy en d\u00eda se utiliza como centro cultural, donde se pueden ver importantes exposiciones.<\/h5>\n<\/div><\/div>\n<\/div>\n<div class=\"card\">\n<div class=\"card-header\" id=\"bs4-heading-3\" role=\"tab\"><button class=\"btn btn-block text-left\" type=\"button\" data-toggle=\"collapse\" data-target=\"#bs4-collapse-3\" aria-controls=\"bs4-collapse-3\" aria-expanded=\"false\"><i class=\"fa fa-plus float-right\"><\/i>\n<h3 class=\"\">PALACIO DE VELARDE<\/h3>\n<\/button><\/div>\n<div id=\"bs4-collapse-3\" class=\"collapse\" data-parent=\"#bs4-accordion-0\" aria-labelledby=\"bs4-heading-3\"><div class=\"card-body\">\n<h5 class=\"h6\">El Palacio de los Velarde se ubica en la plaza de las Arenas junto a la Colegiata de la villa hist\u00f3rica de Santillana del Mar (Cantabria). Fue edificado por Alonso de Velarde a mediados del siglo XVI en estilo renacentista, como se aprecia en la fachada principal, situada al este, con soportal, balcones y escudos.<\/h5>\n<h5 class=\"h6\">La fachada que se abre a la plaza muestra el hastial escalonado con pin\u00e1culos decorativos, propio de este tipo de palacios. Destaca el antepecho de la estancia principal, enmarcado por decoraci\u00f3n plateresca y el escudo del linaje.<\/h5>\n<\/div><\/div>\n<\/div>\n<div class=\"card\">\n<div class=\"card-header\" id=\"bs4-heading-4\" role=\"tab\"><button class=\"btn btn-block text-left\" type=\"button\" data-toggle=\"collapse\" data-target=\"#bs4-collapse-4\" aria-controls=\"bs4-collapse-4\" aria-expanded=\"false\"><i class=\"fa fa-plus float-right\"><\/i>\n<h3 class=\"\">CASONAS<\/h3>\n<\/button><\/div>\n<div id=\"bs4-collapse-4\" class=\"collapse\" data-parent=\"#bs4-accordion-0\" aria-labelledby=\"bs4-heading-4\"><div class=\"card-body\">      \n<h5 class=\"h6\"><strong>a Casona de los Hombrones.<\/strong>      Esta casa pertenece a la familia Villa, haciendo su nombre referencia al maravilloso escudo con tenantes que sostienen sus armas y el lema \u201cUn buen morir es onra de la vida\u201d. Es de finales del siglo XVII, tiene soportales y balcones volados.<\/h5>\n<h5 class=\"h6\"><strong>Casona de los Villa.<\/strong>    Esta casa la encontramos a la entrada de la villa, en la calle Santo Domingo que comprende un volumen g\u00f3tico, se amplio en el siglo XVIII, como consta la portada adintelada, \u00f3culos y balcones en p\u00falpito. Campea entre ellos el escudo de los linajes Villa, Cos, Bracho y Bustamante, y sus honrados lemas.<\/h5>\n<h5 class=\"h6\"><strong>Casona S\u00e1nchez de Tagle<\/strong>      Esta casa fue construida a finales del siglo XVIII y esta ubicada en el Campo del Revolgo. Conserva original su balconada corrida en el piso superior sobre el espectacular escudo del linaje.<\/h5>\n<h5 class=\"h6\"><strong>Museo diocesano Regina Coeli<\/strong>          Es un antiguo convento dominicano del siglo XVI, a\u00fan utilizado por las clarisas. En 1967 se cre\u00f3 el Museo Diocesano, en el convento \u00abRegina Coeli\u00bb, con la finalidad de conservar, estudiar y exponer una parte importante del patrimonio art\u00edstico religioso de la Di\u00f3cesis. Contiene un millar de obras, destacando las colecciones de imaginer\u00eda medieval y barroca en madera policromada, la plater\u00eda espa\u00f1ola y colonial, los esmaltes y marfiles, y una excelente colecci\u00f3n de cristos. Dispone de un Taller de Restauraci\u00f3n de gran prestigio y el Archivo Documental Diocesano.<\/h5>\n<\/div><\/div>\n<\/div>\n<div class=\"card\">\n<div class=\"card-header\" id=\"bs4-heading-5\" role=\"tab\"><button class=\"btn btn-block text-left\" type=\"button\" data-toggle=\"collapse\" data-target=\"#bs4-collapse-5\" aria-controls=\"bs4-collapse-5\" aria-expanded=\"false\"><i class=\"fa fa-plus float-right\"><\/i>\n<h3 class=\"\">PLAYA DE SANTA JUSTA<\/h3>\n<\/button><\/div>\n<div id=\"bs4-collapse-5\" class=\"collapse\" data-parent=\"#bs4-accordion-0\" aria-labelledby=\"bs4-heading-5\"><div class=\"card-body\">\n<h5 class=\"h6\">Playa que recibe el nombre de la ermita de Santa Justa, situada en la localidad de Ubiarco (ayuntamiento de Santillana del Mar) es una construcci\u00f3n semiexcavada en la roca de un anticlinal.<\/h5>\n<h5 class=\"h6\">Es espectacular ir a verla en dias de fuerte oleaje cuando las olas rompen casi a la altura de la capilla, un sitio espectacular para hacer fotos. El material que compone los estratos rocosos es cret\u00e1cico marino, pudiendo encontrarse gran cantidad de f\u00f3siles de \u00abOrbitolinas\u00bb, una especie de lenteja de agua, con tama\u00f1os de una moneda de euro o m\u00e1s.<\/h5>\n<h5 class=\"h6\">Estas lentejas de agua se dedicaban a tomar el sol sobre aguas marinas calidas y someras.Justo encima de la ermita est\u00e1 la Torre de San Telmo (ya perteneciente al municipio de Suances).<\/h5>\n<\/div><\/div>\n<\/div>\n<\/div><\/div>\n<div class=\"tab-pane fade\" id=\"pills-historia\" role=\"tabpanel\" aria-labelledby=\"pills-historia-tab\">\n<h5 class=\"h6\"><strong>Desde la Edad Media<\/strong>, Santillana del Mar ha sido uno de los n\u00facleos m\u00e1s importantes de la regi\u00f3n, tanto que fue la capital de la Merindad de Asturias de Santillana, una de las merindades que conformaban la actual Cantabria. Aunque la presencia humana en el lugar ya dej\u00f3 su huella en forma de impronta art\u00edstica sobre las paredes de la cueva de Altamira, a escasos dos kil\u00f3metros del centro del pueblo.<\/h5>\n<h5 class=\"h6\">La villa se estructura en torno a varios centros de funciones muy definidas. La Plaza de las Arenas presidida por la Colegiata; la Plaza de Ram\u00f3n Pelayo, que fue originalmente la plaza del Mercado presidida por las Torres del Merino y de Don Borja, as\u00ed como la Casa Consistorial y el \u00e1rea de los conventos de Regina Coeli y de San Ildefonso.<\/h5>\n<h5 class=\"h6\">Santillana cuenta con un patrimonio arquitect\u00f3nico extraordinario. Dentro de la arquitectura religiosa destaca la Colegiata de Santa Juliana, en torno a la que se desarroll\u00f3 la villa. Hacia los siglos VIII y IX se fund\u00f3 un primer monasterio que acogi\u00f3 las reliquias de Santa Juliana, de donde deriva el nombre de Santillana. Sobre el siglo XI el monasterio se convirti\u00f3 en colegiata y durante siglos, los distintos linajes de la villa contribuyeron a engrandecerla. La mayor parte del edificio es rom\u00e1nico pleno, aunque se perciben a\u00f1adidos renacentistas y barrocos.<\/h5>\n<h5 class=\"h6\">Por lo que se refiere a la arquitectura civil destacan edificios como la Torre de Don Borja, la torre del Merino o el palacio de los Velarde, ambos del siglo XV. Junto a ellos otras construcciones como la Casa-Palacio de Peredo-Barreda, la de los Villa o la de los Bustamante, todas del XVIII. Algunos de ellos actualmente acogen instituciones de car\u00e1cter cultural como el Museo Diocesano, la Casa Museo del escultor Jes\u00fas Otero, la Fundaci\u00f3n Santillana, el Museo de Caja Cantabria o las Casas del Aguila y la Parra que son salas de exposiciones.<\/h5>\n<h5 class=\"h6\">Pero el atractivo de este pueblo no s\u00f3lo est\u00e1 en estos grandes edificios, sino que todo \u00e9l est\u00e1 conformado por edificaciones m\u00e1s humildes, aunque tambi\u00e9n con un alto valor hist\u00f3rico, que se muestran como un entramado urban\u00edstico propio del medievo y el Renacimiento que transporta al visitante a otros tiempos.<\/h5>\n<h5 class=\"h6\">Actualmente Santillana del Mar ofrece m\u00faltiples propuestas art\u00edsticas y culturales en forma de exposiciones permanentes o temporales y actividades de todo tipo que se desarrollan a lo largo de todo el a\u00f1o, especialmente en los meses de verano.<\/h5>\n<h5 class=\"h6\">Tambi\u00e9n cuenta con una ampl\u00edsima oferta hostelera adaptada a todos los gustos, son peque\u00f1os y medianos establecimientos que en muchos casos ocupan edificios antiguos con siglos de historia entre sus paredes.<\/h5>\n<p class=\"text-center\"><img decoding=\"async\" src=\"https:\/\/www.albergue-paradiso.com\/es\/wp-content\/uploads\/2023\/07\/santillana_del_mar_casas.jpg\" class=\"img-fluid\" alt=\"casas de santillana del mar\"><\/p>\n<\/p><\/div>\n<div class=\"tab-pane fade\" id=\"pills-gastronomia\" role=\"tabpanel\" aria-labelledby=\"pills-gastronomia-tab\">\n<h5 class=\"h6\">En la villa de Santillana del Mar, es posible apreciar algunos de los platos m\u00e1s significativos de la variada tradici\u00f3n culinaria c\u00e1ntabra, incluyendo especialidades tanto de la cocina marinera como de la monta\u00f1esa.<\/h5>\n<h5 class=\"h6\">Destacan los cocidos lebaniego y monta\u00f1\u00e9s (guiso con alubias, carne y repollo), el solomillo de a\u00f1ojo (vacas Tudancas, t\u00edpicas c\u00e1ntabras), la merluza sobre esp\u00e1rragos verdes o el besugo.<\/h5>\n<h5 class=\"h6\">La oferta se completa con los sabrosos quesos que se producen en toda la provincia, el bizcocho t\u00edpico de Santillana o los sobaos pasiegos (a base de mantequilla, harina y huevos), de la cercana Vega del Pas.Algo muy t\u00edpico de Santillana es tomarse un buen vaso de leche natural de vaca con un pedazo de bizcocho casero.<\/h5>\n<\/p><\/div>\n<div class=\"tab-pane fade\" id=\"pills-fiestas\" role=\"tabpanel\" aria-labelledby=\"pills-fiestas-tab\">\n<h5 class=\"h6\">Durante las fiestas navide\u00f1as, se organiza la \u2018Ruta de los belenes populares\u2019 por las calles de Santillana, con la instalaci\u00f3n de catorce belenes de gran tama\u00f1o.<\/h5>\n<h5 class=\"h6\">Con la llegada del mes de marzo, Santillana, Arroyo y Herr\u00e1n tratan de recuperar la tradici\u00f3n del canto de las marzas.<\/h5>\n<h5 class=\"h6\">Santa Juliana. Esta fiesta de inter\u00e9s local se celebra el 28 de junio en honor a la Patrona de Santillana, cuya sepultura se encuentra en la Colegiata de la villa. Los picayos portan la imagen de la santa en procesi\u00f3n antes de la celebraci\u00f3n de una misa, tras la que ejecutan la danza \u2018del santu\u2019 en su honor. Adem\u00e1s, hay desfile de gigantes y cabezudos, chorizada, concierto folk y festival de danzas.<\/h5>\n<h5 class=\"h6\">San Roque. Los d\u00edas 15 y 16 de agosto tiene lugar esta celebraci\u00f3n en Santillana, con danzas de los picayos tras la misa, pasacalles, romer\u00eda y juegos infantiles.<\/h5>\n<h5 class=\"h6\">Santas Justa y Rufina. El lunes de la s\u00e9ptima semana posterior a la Semana Santa se celebra en la ermita de Santa Justa una misa solemne con procesi\u00f3n de la imagen, seguida de danzas t\u00edpicas y comida campestre. En el pueblo de Ubiarco se celebra adem\u00e1s Santa Justa \u2018la chica\u2019 el 19 de julio, con misa solemne en la capilla de San Roque, danzas y romer\u00eda.<\/h5>\n<h5 class=\"h6\">Nuestra Se\u00f1ora de las Quintas. Es el nombre con que se conoce popularmente a Nuestra Se\u00f1ora de las Nieves, por la tradici\u00f3n de los quintos de pedirle un buen destino para cumplir el servicio militar. Se celebra en Queveda el 5 de agosto.<\/h5>\n<h5 class=\"h6\">San Juan Bautista. Se festeja con romer\u00eda y la tradicional hoguera, seguida de verbena y chocolatada, la noche del d\u00eda 23 de junio en Viveda.<\/h5>\n<h5 class=\"h6\">Tambi\u00e9n se conmemoran San Sebasti\u00e1n el d\u00eda 20 de mayo en Herr\u00e1n; San Jorge el 23 de abril en Vispieres; San Salvador el 6 de agosto en Viveda; Nuestra Se\u00f1ora de la Consolaci\u00f3n el 4 de septiembre en Yuso; la Natividad de la Virgen el 8 de septiembre en Arroyo; y San Cipriano el 16 de septiembre en Camplengo.<\/h5>\n<p class=\"text-center\"><img decoding=\"async\" src=\"https:\/\/www.albergue-paradiso.com\/es\/wp-content\/uploads\/2023\/07\/Albergue-Paradiso-Santillana_en_fiestas.jpg\" class=\"img-fluid\" alt=\"fiestas de santillana del mar\"><\/p>\n<\/p><\/div>\n<\/div>\n<\/div>\n<h3 class=\"text-center text-primary h1\">La Cueva de Altamira y la Neocueva<\/h3>\n<hr class=\"border border-primary w-25\">\n<h3 class=\"text-center\">A 5 min. del Albergue Paradiso<\/h3>\n<div class=\"text-center\">\n<img decoding=\"async\" src=\"https:\/\/www.albergue-paradiso.com\/es\/wp-content\/uploads\/2023\/07\/altamira.jpg\" class=\"img-fluid\" alt=\"Pintura de la cueva de altamira\">\n<\/div>\n<div class=\"container pt-3\">\n<h5 class=\"h6\"><strong>La cueva de Altamira<\/strong>, descubierta por Marcelino Sanz de Sautuola en 1879, est\u00e1 ubicada en una colina pr\u00f3xima a la villa de Santillana del Mar, <strong>a tan solo dos kil\u00f3metros de distancia<\/strong>. Su descubrimiento, suscit\u00f3 una fuerte pol\u00e9mica entre los arque\u00f3logos por la autenticidad de las mismas, ya que no cre\u00edan capaces a los hombres prehist\u00f3ricos de realizar unas pinturas tan perfectas.<\/h5>\n<h5 class=\"h6\">Actualmente, son las cuevas m\u00e1s importantes y famosas del Paleol\u00edtico a nivel mundial. La cueva de Altamira ha sido declarada <strong>Patrimonio de la Humanidad por la UNESCO<\/strong> y es una de las joyas m\u00e1s importantes de Cantabria y, probablemente de Espa\u00f1a, dado su reconocimiento universal.<\/h5>\n<h5 class=\"h6\">La entrada hab\u00eda permanecido clausurada hasta su descubrimiento por un derrumbe natural producido hace 13.000 a\u00f1os. Una vez dentro destaca por encima de todo, la sala de pol\u00edcromos.<\/h5>\n<h5 class=\"h6\">Se trata de la estancia principal, que siempre sorprende a todo el que la visita por su espectacularidad. Tal es as\u00ed, que muchas veces se hace menci\u00f3n a esta sala denomin\u00e1ndola la <strong>\u00abcapilla sixtina\u00bb del arte cuaternario<\/strong>.<\/h5>\n<h5 class=\"h6\">En su techo se representan casi un centenar de animales y signos, destacando los 21 bisontes en distintas actitudes, acompa\u00f1ados de caballos, jabal\u00edes, y toros, efectuados con t\u00e9cnicas diversas (grabado, silueteado, pintado, raspado y efectos de sombreado) que dan como resultado una composici\u00f3n de gran movimiento y belleza, \u00fanica en el arte paleol\u00edtico. <strong>Su realizaci\u00f3n data de hace 14.000 a\u00f1os<\/strong>. La pintura est\u00e1 hecha con ocre natural de color sangriento y el contorno de las figuras con l\u00edneas negras de carb\u00f3n vegetal.<\/h5>\n<h5 class=\"h6\">Son admirables las posturas de los bisontes, encogidos, saltando o en pie, pruebas latentes del magistral expresionismo paleol\u00edtico. Destaca tambi\u00e9n la \u00abGran Cierva\u00bb, la mayor figura pintada en la cueva, con 2,25 metros de longitud.<\/h5>\n<h5 class=\"h6\">La utilizaci\u00f3n del relieve del techo para expresar mayor realismo es una caracter\u00edstica del pintor de Altamira. La cueva tiene un desarrollo longitudinal de 270 metros y numerosos grabados a lo largo de su recorrido.Algunos de ellos, son incluso m\u00e1s antiguos, dado que las pinturas rojas pueden adscribirse al periodo solutrense, hace unos <strong>20.000 a\u00f1os<\/strong>. Tambi\u00e9n encontramos un importante yacimiento arqueol\u00f3gi co en el vest\u00edbulo. Por \u00faltimo, la zona m\u00e1s estrecha y baja de la cueva, a modo de corredor, se denomina \u00abla cola\u00bb. Es aqu\u00ed donde se concentran una serie de signos negros, que se asemejan a techos de madera o a trampas de caza.<\/h5>\n<h5 class=\"h6\"><strong>Ya se puede visitar en la NEOCUEVA la r\u00e9plica exacta, cuya fidelidad y calidad satisfar\u00e1 el inter\u00e9s de los miles de visitantes que anualmente llegan a Santillana del Mar<\/strong>. El trabajo ha sido realizado por expertos durante varios a\u00f1os, logrando una magn\u00edfica r\u00e9plica de este tesoro de la humanidad.<\/h5>\n<h5 class=\"h6\">El Museo fue creado por Orden de l Ministerio de Cultura de 15 de junio de 1979, como instrumento cient\u00edfico y administrativo para la gesti\u00f3n y conversaci\u00f3n de la cueva de Altamira.<\/h5>\n<h5 class=\"h6\">La nueva sede del Museo fue inaugurada el 17 de julio de 2001.<\/h5>\n<h5 class=\"h6\"><strong>La Neocueva presenta Altamira tal y como era entre hace 35.000 y 13.000 a\u00f1os<\/strong>, cuando la habitaron distintos grupos de cazadores recolectores. Su recorrido permite al visitante conocer el h\u00e1bitat de sus pobladores y la belleza de su arte rupestre. Es una reproducci\u00f3n tridimensional, rigurosa y exacta, basada en el conocimiento cient\u00edfico y realizada con la m\u00e1s moderna tecnolog\u00eda.<\/h5>\n<\/div>\n","protected":false},"excerpt":{"rendered":"<p>Santillana del Mar A 5 min. del Albergue Paradiso La Cueva de Altamira y la [&hellip;]<\/p>\n","protected":false},"author":1,"featured_media":0,"parent":0,"menu_order":0,"comment_status":"closed","ping_status":"closed","template":"template-fullwidth.php","meta":{"_joinchat":[],"footnotes":""},"class_list":["post-28995","page","type-page","status-publish","hentry"],"acf":[],"yoast_head":"<!-- This site is optimized with the Yoast SEO plugin v27.4 - https:\/\/yoast.com\/product\/yoast-seo-wordpress\/ -->\n<title>Santillana del Mar y las cuevas de Altamira<\/title>\n<meta name=\"description\" content=\"Santillana del Mar y Altamira se encuentran a tan solo 10 km. del albergue Paradiso, cat\u00e1logada como uno de los pueblos m\u00e1s bonitos de Espa\u00f1a es sin embargo el pueblo de las tres mentiras\" \/>\n<meta name=\"robots\" content=\"index, follow, max-snippet:-1, max-image-preview:large, max-video-preview:-1\" \/>\n<link rel=\"canonical\" href=\"https:\/\/www.albergue-paradiso.com\/es\/santillana-del-mar\/\" \/>\n<meta property=\"og:locale\" content=\"es_ES\" \/>\n<meta property=\"og:type\" content=\"article\" \/>\n<meta property=\"og:title\" content=\"Santillana del Mar y las cuevas de Altamira\" \/>\n<meta property=\"og:description\" content=\"Santillana del Mar y Altamira se encuentran a tan solo 10 km. del albergue Paradiso, cat\u00e1logada como uno de los pueblos m\u00e1s bonitos de Espa\u00f1a es sin embargo el pueblo de las tres mentiras\" \/>\n<meta property=\"og:url\" content=\"https:\/\/www.albergue-paradiso.com\/es\/santillana-del-mar\/\" \/>\n<meta property=\"og:site_name\" content=\"Albergues en Cantabria | Hostel albergue Paradiso en Cantabria\" \/>\n<meta property=\"article:modified_time\" content=\"2023-07-13T12:31:27+00:00\" \/>\n<meta property=\"og:image\" content=\"https:\/\/www.albergue-paradiso.com\/es\/wp-content\/uploads\/2023\/07\/Santillana.jpg\" \/>\n<meta name=\"twitter:card\" content=\"summary_large_image\" \/>\n<meta name=\"twitter:label1\" content=\"Tiempo de lectura\" \/>\n\t<meta name=\"twitter:data1\" content=\"14 minutos\" \/>\n<script type=\"application\/ld+json\" class=\"yoast-schema-graph\">{\"@context\":\"https:\\\/\\\/schema.org\",\"@graph\":[{\"@type\":\"WebPage\",\"@id\":\"https:\\\/\\\/www.albergue-paradiso.com\\\/es\\\/santillana-del-mar\\\/\",\"url\":\"https:\\\/\\\/www.albergue-paradiso.com\\\/es\\\/santillana-del-mar\\\/\",\"name\":\"Santillana del Mar y las cuevas de Altamira\",\"isPartOf\":{\"@id\":\"https:\\\/\\\/www.albergue-paradiso.com\\\/es\\\/#website\"},\"primaryImageOfPage\":{\"@id\":\"https:\\\/\\\/www.albergue-paradiso.com\\\/es\\\/santillana-del-mar\\\/#primaryimage\"},\"image\":{\"@id\":\"https:\\\/\\\/www.albergue-paradiso.com\\\/es\\\/santillana-del-mar\\\/#primaryimage\"},\"thumbnailUrl\":\"https:\\\/\\\/www.albergue-paradiso.com\\\/es\\\/wp-content\\\/uploads\\\/2023\\\/07\\\/Santillana.jpg\",\"datePublished\":\"2023-07-13T11:48:48+00:00\",\"dateModified\":\"2023-07-13T12:31:27+00:00\",\"description\":\"Santillana del Mar y Altamira se encuentran a tan solo 10 km. del albergue Paradiso, cat\u00e1logada como uno de los pueblos m\u00e1s bonitos de Espa\u00f1a es sin embargo el pueblo de las tres mentiras\",\"breadcrumb\":{\"@id\":\"https:\\\/\\\/www.albergue-paradiso.com\\\/es\\\/santillana-del-mar\\\/#breadcrumb\"},\"inLanguage\":\"es\",\"potentialAction\":[{\"@type\":\"ReadAction\",\"target\":[\"https:\\\/\\\/www.albergue-paradiso.com\\\/es\\\/santillana-del-mar\\\/\"]}]},{\"@type\":\"ImageObject\",\"inLanguage\":\"es\",\"@id\":\"https:\\\/\\\/www.albergue-paradiso.com\\\/es\\\/santillana-del-mar\\\/#primaryimage\",\"url\":\"https:\\\/\\\/www.albergue-paradiso.com\\\/es\\\/wp-content\\\/uploads\\\/2023\\\/07\\\/Santillana.jpg\",\"contentUrl\":\"https:\\\/\\\/www.albergue-paradiso.com\\\/es\\\/wp-content\\\/uploads\\\/2023\\\/07\\\/Santillana.jpg\",\"width\":1920,\"height\":565},{\"@type\":\"BreadcrumbList\",\"@id\":\"https:\\\/\\\/www.albergue-paradiso.com\\\/es\\\/santillana-del-mar\\\/#breadcrumb\",\"itemListElement\":[{\"@type\":\"ListItem\",\"position\":1,\"name\":\"Portada\",\"item\":\"https:\\\/\\\/www.albergue-paradiso.com\\\/es\\\/\"},{\"@type\":\"ListItem\",\"position\":2,\"name\":\"Santillana del Mar\"}]},{\"@type\":\"WebSite\",\"@id\":\"https:\\\/\\\/www.albergue-paradiso.com\\\/es\\\/#website\",\"url\":\"https:\\\/\\\/www.albergue-paradiso.com\\\/es\\\/\",\"name\":\"Albergues en Cantabria | Hostel albergue Paradiso en Cantabria\",\"description\":\"\",\"potentialAction\":[{\"@type\":\"SearchAction\",\"target\":{\"@type\":\"EntryPoint\",\"urlTemplate\":\"https:\\\/\\\/www.albergue-paradiso.com\\\/es\\\/?s={search_term_string}\"},\"query-input\":{\"@type\":\"PropertyValueSpecification\",\"valueRequired\":true,\"valueName\":\"search_term_string\"}}],\"inLanguage\":\"es\"}]}<\/script>\n<!-- \/ Yoast SEO plugin. -->","yoast_head_json":{"title":"Santillana del Mar y las cuevas de Altamira","description":"Santillana del Mar y Altamira se encuentran a tan solo 10 km. del albergue Paradiso, cat\u00e1logada como uno de los pueblos m\u00e1s bonitos de Espa\u00f1a es sin embargo el pueblo de las tres mentiras","robots":{"index":"index","follow":"follow","max-snippet":"max-snippet:-1","max-image-preview":"max-image-preview:large","max-video-preview":"max-video-preview:-1"},"canonical":"https:\/\/www.albergue-paradiso.com\/es\/santillana-del-mar\/","og_locale":"es_ES","og_type":"article","og_title":"Santillana del Mar y las cuevas de Altamira","og_description":"Santillana del Mar y Altamira se encuentran a tan solo 10 km. del albergue Paradiso, cat\u00e1logada como uno de los pueblos m\u00e1s bonitos de Espa\u00f1a es sin embargo el pueblo de las tres mentiras","og_url":"https:\/\/www.albergue-paradiso.com\/es\/santillana-del-mar\/","og_site_name":"Albergues en Cantabria | Hostel albergue Paradiso en Cantabria","article_modified_time":"2023-07-13T12:31:27+00:00","og_image":[{"url":"https:\/\/www.albergue-paradiso.com\/es\/wp-content\/uploads\/2023\/07\/Santillana.jpg","type":"","width":"","height":""}],"twitter_card":"summary_large_image","twitter_misc":{"Tiempo de lectura":"14 minutos"},"schema":{"@context":"https:\/\/schema.org","@graph":[{"@type":"WebPage","@id":"https:\/\/www.albergue-paradiso.com\/es\/santillana-del-mar\/","url":"https:\/\/www.albergue-paradiso.com\/es\/santillana-del-mar\/","name":"Santillana del Mar y las cuevas de Altamira","isPartOf":{"@id":"https:\/\/www.albergue-paradiso.com\/es\/#website"},"primaryImageOfPage":{"@id":"https:\/\/www.albergue-paradiso.com\/es\/santillana-del-mar\/#primaryimage"},"image":{"@id":"https:\/\/www.albergue-paradiso.com\/es\/santillana-del-mar\/#primaryimage"},"thumbnailUrl":"https:\/\/www.albergue-paradiso.com\/es\/wp-content\/uploads\/2023\/07\/Santillana.jpg","datePublished":"2023-07-13T11:48:48+00:00","dateModified":"2023-07-13T12:31:27+00:00","description":"Santillana del Mar y Altamira se encuentran a tan solo 10 km. del albergue Paradiso, cat\u00e1logada como uno de los pueblos m\u00e1s bonitos de Espa\u00f1a es sin embargo el pueblo de las tres mentiras","breadcrumb":{"@id":"https:\/\/www.albergue-paradiso.com\/es\/santillana-del-mar\/#breadcrumb"},"inLanguage":"es","potentialAction":[{"@type":"ReadAction","target":["https:\/\/www.albergue-paradiso.com\/es\/santillana-del-mar\/"]}]},{"@type":"ImageObject","inLanguage":"es","@id":"https:\/\/www.albergue-paradiso.com\/es\/santillana-del-mar\/#primaryimage","url":"https:\/\/www.albergue-paradiso.com\/es\/wp-content\/uploads\/2023\/07\/Santillana.jpg","contentUrl":"https:\/\/www.albergue-paradiso.com\/es\/wp-content\/uploads\/2023\/07\/Santillana.jpg","width":1920,"height":565},{"@type":"BreadcrumbList","@id":"https:\/\/www.albergue-paradiso.com\/es\/santillana-del-mar\/#breadcrumb","itemListElement":[{"@type":"ListItem","position":1,"name":"Portada","item":"https:\/\/www.albergue-paradiso.com\/es\/"},{"@type":"ListItem","position":2,"name":"Santillana del Mar"}]},{"@type":"WebSite","@id":"https:\/\/www.albergue-paradiso.com\/es\/#website","url":"https:\/\/www.albergue-paradiso.com\/es\/","name":"Albergues en Cantabria | Hostel albergue Paradiso en Cantabria","description":"","potentialAction":[{"@type":"SearchAction","target":{"@type":"EntryPoint","urlTemplate":"https:\/\/www.albergue-paradiso.com\/es\/?s={search_term_string}"},"query-input":{"@type":"PropertyValueSpecification","valueRequired":true,"valueName":"search_term_string"}}],"inLanguage":"es"}]}},"_links":{"self":[{"href":"https:\/\/www.albergue-paradiso.com\/es\/wp-json\/wp\/v2\/pages\/28995","targetHints":{"allow":["GET"]}}],"collection":[{"href":"https:\/\/www.albergue-paradiso.com\/es\/wp-json\/wp\/v2\/pages"}],"about":[{"href":"https:\/\/www.albergue-paradiso.com\/es\/wp-json\/wp\/v2\/types\/page"}],"author":[{"embeddable":true,"href":"https:\/\/www.albergue-paradiso.com\/es\/wp-json\/wp\/v2\/users\/1"}],"replies":[{"embeddable":true,"href":"https:\/\/www.albergue-paradiso.com\/es\/wp-json\/wp\/v2\/comments?post=28995"}],"version-history":[{"count":8,"href":"https:\/\/www.albergue-paradiso.com\/es\/wp-json\/wp\/v2\/pages\/28995\/revisions"}],"predecessor-version":[{"id":29011,"href":"https:\/\/www.albergue-paradiso.com\/es\/wp-json\/wp\/v2\/pages\/28995\/revisions\/29011"}],"wp:attachment":[{"href":"https:\/\/www.albergue-paradiso.com\/es\/wp-json\/wp\/v2\/media?parent=28995"}],"curies":[{"name":"wp","href":"https:\/\/api.w.org\/{rel}","templated":true}]}}